{"id":263,"date":"2010-03-01T12:46:59","date_gmt":"2010-03-01T15:46:59","guid":{"rendered":"https:\/\/adhilac.com.ar\/?page_id=263"},"modified":"2022-06-17T00:58:23","modified_gmt":"2022-06-17T03:58:23","slug":"estatutos-de-adhilac","status":"publish","type":"page","link":"https:\/\/adhilac.com.ar\/?page_id=263","title":{"rendered":"Estatutos de ADHILAC"},"content":{"rendered":"\n<div class=\"wp-block-media-text alignwide is-stacked-on-mobile is-image-fill has-background has-background\" style=\"background-color:#0071a1;grid-template-columns:37% auto\"><figure class=\"wp-block-media-text__media\" style=\"background-image:url(https:\/\/adhilac.com.ar\/wp-content\/uploads\/2015\/02\/ADHILAC-Internacional-logo-Azul.jpg);background-position:50% 50%\"><img loading=\"lazy\" decoding=\"async\" width=\"582\" height=\"910\" src=\"https:\/\/adhilac.com.ar\/wp-content\/uploads\/2015\/02\/ADHILAC-Internacional-logo-Azul.jpg\" alt=\"\" class=\"wp-image-10475 size-full\" srcset=\"https:\/\/adhilac.com.ar\/wp-content\/uploads\/2015\/02\/ADHILAC-Internacional-logo-Azul.jpg 582w, https:\/\/adhilac.com.ar\/wp-content\/uploads\/2015\/02\/ADHILAC-Internacional-logo-Azul-191x300.jpg 191w\" sizes=\"auto, (max-width: 582px) 100vw, 582px\" \/><\/figure><div class=\"wp-block-media-text__content\">\n<p class=\"has-text-align-center has-very-light-gray-color has-text-color wp-block-paragraph\" style=\"font-size:14px\"> <em>ADHILAC convoca a participar de las diferentes actividades propuestas por sus socias, socios o adherentes. Sin embargo, para para participar de las Asambleas de la misma con derecho a voto es necesario ser socix de acuerdo a los establecido en los Estatutos que se transcriben a continuaci\u00f3n:<\/em> <\/p>\n<\/div><\/div>\n\n\n\n<div style=\"height:20px\" aria-hidden=\"true\" class=\"wp-block-spacer\"><\/div>\n\n\n\n<div class=\"wp-block-group has-pale-cyan-blue-background-color has-background\"><div class=\"wp-block-group__inner-container is-layout-flow wp-block-group-is-layout-flow\">\n<div style=\"height:20px\" aria-hidden=\"true\" class=\"wp-block-spacer\"><\/div>\n\n\n\n<div class=\"wp-block-group has-pale-cyan-blue-background-color has-background\"><div class=\"wp-block-group__inner-container is-layout-flow wp-block-group-is-layout-flow\">\n<ul class=\"wp-block-list\"><li><strong>Art\u00edculo I. Fundaci\u00f3n y naturaleza<\/strong> <\/li><\/ul>\n\n\n\n<p class=\"wp-block-paragraph\">La Asociaci\u00f3n de Historiadores Latinoamericanos y del Caribe, cuya sigla es ADHILAC, fundada en la ciudad de M\u00e9xico en 1974, en virtud de la resoluci\u00f3n general adoptada por unanimidad por la Asamblea General de participantes en el Primer Encuentro de Historiadores Latinoamericanos, es una organizaci\u00f3n profesional, aut\u00f3noma, constituida por investigadores y profesores de ciencias hist\u00f3ricas de Latinoam\u00e9rica y el Caribe, as\u00ed como por historiadores de otros pa\u00edses especializados en esta \u00e1rea.<\/p>\n<\/div><\/div>\n\n\n\n<div style=\"height:20px\" aria-hidden=\"true\" class=\"wp-block-spacer\"><\/div>\n<\/div><\/div>\n\n\n\n<div style=\"height:20px\" aria-hidden=\"true\" class=\"wp-block-spacer\"><\/div>\n\n\n\n<div class=\"wp-block-group has-very-light-gray-background-color has-background\"><div class=\"wp-block-group__inner-container is-layout-flow wp-block-group-is-layout-flow\">\n<div style=\"height:20px\" aria-hidden=\"true\" class=\"wp-block-spacer\"><\/div>\n\n\n\n<ul class=\"wp-block-list\"><li><strong>Art\u00edculo II. Finalidades<\/strong> <\/li><\/ul>\n\n\n\n<p class=\"wp-block-paragraph\">La Asociaci\u00f3n de Historiadores Latinoamericanos y del Caribe (ADHILAC) ha sido creada para cumplir las siguientes finalidades: <\/p>\n\n\n\n<p class=\"wp-block-paragraph\">Promover el desarrollo de las ciencias hist\u00f3ricas en Am\u00e9rica Latina y el Caribe. <\/p>\n\n\n\n<p class=\"wp-block-paragraph\">Intercambiar informaci\u00f3n, estimular la investigaci\u00f3n individual y colectiva, promover las relaciones interdisciplinarias y desarrollar la ense\u00f1anza en el campo de las ciencias hist\u00f3ricas.<\/p>\n\n\n\n<p class=\"wp-block-paragraph\">Promover el mejoramiento de las condiciones de trabajo del historiador as\u00ed como la utilizaci\u00f3n de los medios de publicaci\u00f3n y difusi\u00f3n del conocimiento de la historia de Am\u00e9rica Latina y el Caribe. <\/p>\n\n\n\n<p class=\"wp-block-paragraph\">Promover y realizar reuniones de historiadores latinoamericanos y del Caribe junto con historiadores especializados en esta \u00e1rea. <\/p>\n\n\n\n<p class=\"wp-block-paragraph\">Estimular la solidaridad entre los historiadores latinoamericanos y del Caribe, y fortalecer los v\u00ednculos entre los centros de investigaci\u00f3n y docencia. <\/p>\n\n\n\n<p class=\"wp-block-paragraph\">Impulsar el conocimiento cient\u00edfico de la historia de los pueblos de Am\u00e9rica Latina y del Caribe para coadyuvar al fortalecimiento de su autenticidad cultural y de su autonom\u00eda pol\u00edtica.<\/p>\n\n\n\n<div style=\"height:20px\" aria-hidden=\"true\" class=\"wp-block-spacer\"><\/div>\n<\/div><\/div>\n\n\n\n<div style=\"height:20px\" aria-hidden=\"true\" class=\"wp-block-spacer\"><\/div>\n\n\n\n<div class=\"wp-block-group has-pale-cyan-blue-background-color has-background\"><div class=\"wp-block-group__inner-container is-layout-flow wp-block-group-is-layout-flow\">\n<div style=\"height:20px\" aria-hidden=\"true\" class=\"wp-block-spacer\"><\/div>\n\n\n\n<ul class=\"wp-block-list\"><li><strong>Art\u00edculo III.  Miembros<\/strong> <\/li><\/ul>\n\n\n\n<p class=\"wp-block-paragraph\">Ser\u00e1n miembros de la ADHILAC: <\/p>\n\n\n\n<p class=\"wp-block-paragraph\">Los participantes en la Asamblea de su fundaci\u00f3n con el car\u00e1cter de miembros fundadores. <\/p>\n\n\n\n<p class=\"wp-block-paragraph\">Los nacionales de los pa\u00edses de Am\u00e9rica Latina y del Caribe, profesionales en activo de la investigaci\u00f3n o la docencia de la historia en el nivel de educaci\u00f3n superior, de conformidad con el art\u00edculo IV que se refiere a la afiliaci\u00f3n. <\/p>\n\n\n\n<p class=\"wp-block-paragraph\">Los nacionales de otros pa\u00edses, especializados en la historia de Am\u00e9rica Latina y el Caribe. <\/p>\n\n\n\n<p class=\"wp-block-paragraph\">El Presidente de Honor y los Miembros de Honor aprobados por la Asamblea General a propuesta del Consejo Directivo. <\/p>\n\n\n\n<p class=\"wp-block-paragraph\">El Secretariado Ejecutivo decidir\u00e1 sobre los casos especiales no contemplados en este art\u00edculo.<\/p>\n\n\n\n<div style=\"height:20px\" aria-hidden=\"true\" class=\"wp-block-spacer\"><\/div>\n<\/div><\/div>\n\n\n\n<div style=\"height:20px\" aria-hidden=\"true\" class=\"wp-block-spacer\"><\/div>\n\n\n\n<div class=\"wp-block-group has-very-light-gray-background-color has-background\"><div class=\"wp-block-group__inner-container is-layout-flow wp-block-group-is-layout-flow\">\n<div style=\"height:20px\" aria-hidden=\"true\" class=\"wp-block-spacer\"><\/div>\n\n\n\n<ul class=\"wp-block-list\"><li><strong>Art\u00edculo IV.  Afiliaci\u00f3n<\/strong> <\/li><\/ul>\n\n\n\n<p class=\"has-very-dark-gray-color has-very-light-gray-background-color has-text-color has-background wp-block-paragraph\">La afiliaci\u00f3n ser\u00e1 individual y directa y tendr\u00e1 las siguientes modalidades: <\/p>\n\n\n\n<p class=\"has-very-dark-gray-color has-very-light-gray-background-color has-text-color has-background wp-block-paragraph\">En los pa\u00edses en que existen Secciones Nacionales, la afiliaci\u00f3n se podr\u00e1 realizar ante la respectiva comisi\u00f3n de admisi\u00f3n. <\/p>\n\n\n\n<p class=\"has-very-dark-gray-color has-very-light-gray-background-color has-text-color has-background wp-block-paragraph\">Las afiliaciones pueden hacer directamente ante el Secretariado Ejecutivo. <\/p>\n\n\n\n<p class=\"has-very-dark-gray-color has-very-light-gray-background-color has-text-color has-background wp-block-paragraph\">Los miembros de la ADHILAC residentes en un pa\u00eds diferente de su nacionalidad se consideran adscriptos a la Secci\u00f3n Nacional del pa\u00eds de residencia, en caso de que esta exista. <\/p>\n\n\n\n<p class=\"has-very-dark-gray-color has-very-light-gray-background-color has-text-color has-background wp-block-paragraph\">El Secretariado Ejecutivo decidir\u00e1 sobre los casos especiales no contemplados en este art\u00edculo. <\/p>\n\n\n\n<p class=\"has-very-dark-gray-color has-very-light-gray-background-color has-text-color has-background wp-block-paragraph\">En los pa\u00edses donde no existan Secciones Nacionales, los afiliados pagar\u00e1n al Secretariado Ejecutivo una cuota anual de 10 d\u00f3lares de Estados Unidos. <strong> <\/strong><\/p>\n\n\n\n<div style=\"height:20px\" aria-hidden=\"true\" class=\"wp-block-spacer\"><\/div>\n<\/div><\/div>\n\n\n\n<div style=\"height:20px\" aria-hidden=\"true\" class=\"wp-block-spacer\"><\/div>\n\n\n\n<div class=\"wp-block-group has-pale-cyan-blue-background-color has-background\"><div class=\"wp-block-group__inner-container is-layout-flow wp-block-group-is-layout-flow\">\n<div style=\"height:20px\" aria-hidden=\"true\" class=\"wp-block-spacer\"><\/div>\n\n\n\n<ul class=\"wp-block-list\"><li> <strong>Art\u00edculo V. Reuniones<\/strong> <\/li><\/ul>\n\n\n\n<p class=\"wp-block-paragraph\">La ADHILAC celebrar\u00e1 reuniones ordinarias y extraordinarias. <\/p>\n\n\n\n<p class=\"wp-block-paragraph\">Son ordinarias las que se realicen regularmente con el nombre de Encuentro de Historiadores Latinoamericanos y del Caribe. <\/p>\n\n\n\n<p class=\"wp-block-paragraph\">Son extraordinarias las convocadas por el Consejo Directivo cuando este lo juzgue necesario o a solicitud de por lo menos dos Secciones Nacionales.<\/p>\n\n\n\n<div style=\"height:20px\" aria-hidden=\"true\" class=\"wp-block-spacer\"><\/div>\n<\/div><\/div>\n\n\n\n<div style=\"height:20px\" aria-hidden=\"true\" class=\"wp-block-spacer\"><\/div>\n\n\n\n<div class=\"wp-block-group has-very-light-gray-background-color has-background\"><div class=\"wp-block-group__inner-container is-layout-flow wp-block-group-is-layout-flow\">\n<div style=\"height:20px\" aria-hidden=\"true\" class=\"wp-block-spacer\"><\/div>\n\n\n\n<ul class=\"wp-block-list\"><li> <strong>Art\u00edculo VI.  \u00d3rganos Directivos<\/strong> <\/li><\/ul>\n\n\n\n<p class=\"wp-block-paragraph\">Son \u00f3rganos directivos de la ADHILAC: <\/p>\n\n\n\n<p class=\"wp-block-paragraph\">La Asamblea General  <\/p>\n\n\n\n<p class=\"wp-block-paragraph\">El Consejo Directivo  <\/p>\n\n\n\n<p class=\"wp-block-paragraph\">El Secretariado Ejecutivo<\/p>\n\n\n\n<div style=\"height:20px\" aria-hidden=\"true\" class=\"wp-block-spacer\"><\/div>\n<\/div><\/div>\n\n\n\n<div style=\"height:20px\" aria-hidden=\"true\" class=\"wp-block-spacer\"><\/div>\n\n\n\n<div class=\"wp-block-group has-pale-cyan-blue-background-color has-background\"><div class=\"wp-block-group__inner-container is-layout-flow wp-block-group-is-layout-flow\">\n<div style=\"height:20px\" aria-hidden=\"true\" class=\"wp-block-spacer\"><\/div>\n\n\n\n<ul class=\"wp-block-list\"><li><strong>Art\u00edculo VII <\/strong> <\/li><\/ul>\n\n\n\n<p class=\"wp-block-paragraph\">La Asamblea General es el organismo m\u00e1ximo de la Asociaci\u00f3n que se debe reunir regularmente cada cuatro a\u00f1os. <\/p>\n\n\n\n<p class=\"wp-block-paragraph\">Son sus atribuciones: <\/p>\n\n\n\n<p class=\"wp-block-paragraph\">Aprobar y reformar los estatutos. <\/p>\n\n\n\n<p class=\"wp-block-paragraph\">Elegir a los miembros del Consejo Directivo y del Secretariado Ejecutivo. <\/p>\n\n\n\n<p class=\"wp-block-paragraph\">Conocer los informes del Consejo Directivo y del Secretariado Ejecutivo. <\/p>\n\n\n\n<p class=\"wp-block-paragraph\">Conocer y resolver las renuncias y remociones de los miembros del Consejo Directivo y del Secretariado Ejecutivo. <\/p>\n\n\n\n<p class=\"wp-block-paragraph\">Conocer y aprobar en su caso la sede del siguiente Encuentro y su tem\u00e1tica. <\/p>\n\n\n\n<p class=\"wp-block-paragraph\">En general, resolver todos los asuntos cuya trascendencia supere las atribuciones del Consejo Directivo y del Secretariado Ejecutivo.<\/p>\n\n\n\n<div style=\"height:20px\" aria-hidden=\"true\" class=\"wp-block-spacer\"><\/div>\n<\/div><\/div>\n\n\n\n<div style=\"height:20px\" aria-hidden=\"true\" class=\"wp-block-spacer\"><\/div>\n\n\n\n<div class=\"wp-block-group has-very-light-gray-background-color has-background\"><div class=\"wp-block-group__inner-container is-layout-flow wp-block-group-is-layout-flow\">\n<div style=\"height:20px\" aria-hidden=\"true\" class=\"wp-block-spacer\"><\/div>\n\n\n\n<ul class=\"wp-block-list\"><li><strong>Art\u00edculo VIII<\/strong> <\/li><\/ul>\n\n\n\n<p class=\"wp-block-paragraph\">En las Asamblea General tendr\u00e1n derecho a voz y voto: <\/p>\n\n\n\n<p class=\"wp-block-paragraph\">Los miembros afiliados a la ADHILAC presentes en la Asamblea en forma presencial o virtual.<\/p>\n\n\n\n<p class=\"wp-block-paragraph\"> La votaci\u00f3n ser\u00e1 personal. No se admitir\u00e1 el voto por poder. <\/p>\n\n\n\n<p class=\"wp-block-paragraph\">Los invitados especiales tendr\u00e1n derecho a voz y voto. <\/p>\n\n\n\n<p class=\"wp-block-paragraph\">El qu\u00f3rum se establecer\u00e1 con la asistencia del 30% de los afiliados asistentes al Encuentro en primera convocatoria, y con los asistentes en segunda convocatoria tambi\u00e9n en las dos formas de participaci\u00f3n. <\/p>\n\n\n\n<p class=\"wp-block-paragraph\">Los votos del pa\u00eds sede no podr\u00e1n exceder del 20% del total de votos. Las modalidades se establecer\u00e1n en el reglamento de cada Encuentro.<\/p>\n\n\n\n<div style=\"height:20px\" aria-hidden=\"true\" class=\"wp-block-spacer\"><\/div>\n<\/div><\/div>\n\n\n\n<div style=\"height:20px\" aria-hidden=\"true\" class=\"wp-block-spacer\"><\/div>\n\n\n\n<div class=\"wp-block-group has-pale-cyan-blue-background-color has-background\"><div class=\"wp-block-group__inner-container is-layout-flow wp-block-group-is-layout-flow\">\n<div style=\"height:20px\" aria-hidden=\"true\" class=\"wp-block-spacer\"><\/div>\n\n\n\n<ul class=\"wp-block-list\"><li><strong>Art\u00edculo IX<\/strong> <\/li><\/ul>\n\n\n\n<p class=\"wp-block-paragraph\">El Consejo Directivo estar\u00e1 constituido por un presidente, ocho vicepresidentes y el Secretario Ejecutivo.<\/p>\n\n\n\n<p class=\"wp-block-paragraph\">Al Consejo Directivo podr\u00e1 asistir como invitado el Presidente de Honor de la ADHILAC, que tendr\u00e1 derecho a voz, pero no a voto. <\/p>\n\n\n\n<div style=\"height:20px\" aria-hidden=\"true\" class=\"wp-block-spacer\"><\/div>\n<\/div><\/div>\n\n\n\n<div style=\"height:20px\" aria-hidden=\"true\" class=\"wp-block-spacer\"><\/div>\n\n\n\n<div class=\"wp-block-group has-very-light-gray-background-color has-background\"><div class=\"wp-block-group__inner-container is-layout-flow wp-block-group-is-layout-flow\">\n<div style=\"height:20px\" aria-hidden=\"true\" class=\"wp-block-spacer\"><\/div>\n\n\n\n<ul class=\"wp-block-list\"><li><strong>Art\u00edculo X<\/strong> <\/li><\/ul>\n\n\n\n<p class=\"wp-block-paragraph\">Son funciones del Consejo Directivo: <\/p>\n\n\n\n<p class=\"wp-block-paragraph\">Velar por el cumplimiento de las finalidades establecidas en el art\u00edculo II de estos Estatutos. <\/p>\n\n\n\n<p class=\"wp-block-paragraph\">Asegurar el funcionamiento y coordinaci\u00f3n de todas las actividades de la Asociaci\u00f3n. <\/p>\n\n\n\n<p class=\"wp-block-paragraph\">Presidir la Asamblea General y preparar el orden del d\u00eda a que esta se sujete. <\/p>\n\n\n\n<p class=\"wp-block-paragraph\">Realizar los Encuentros de acuerdo con los principios de los Estatutos. <\/p>\n\n\n\n<p class=\"wp-block-paragraph\">Prestar apoyo y asesorar al Comit\u00e9 Organizador del Encuentro para la realizaci\u00f3n del mismo.<\/p>\n\n\n\n<p class=\"wp-block-paragraph\">Decidir el cambio de sede del Encuentro en caso de que \u00e9ste no pudiera realizarse en el pa\u00eds acordado por la Asamblea General. <\/p>\n\n\n\n<p class=\"wp-block-paragraph\">Impulsar la creaci\u00f3n de Secciones o Grupos Nacionales en los pa\u00edses donde no existan.<\/p>\n\n\n\n<div style=\"height:20px\" aria-hidden=\"true\" class=\"wp-block-spacer\"><\/div>\n<\/div><\/div>\n\n\n\n<div style=\"height:20px\" aria-hidden=\"true\" class=\"wp-block-spacer\"><\/div>\n\n\n\n<div class=\"wp-block-group has-pale-cyan-blue-background-color has-background\"><div class=\"wp-block-group__inner-container is-layout-flow wp-block-group-is-layout-flow\">\n<div style=\"height:20px\" aria-hidden=\"true\" class=\"wp-block-spacer\"><\/div>\n\n\n\n<ul class=\"wp-block-list\"><li><strong>Art\u00edculo XI<\/strong> <\/li><\/ul>\n\n\n\n<p class=\"wp-block-paragraph\">El Consejo Directivo se renovar\u00e1 en no menos de un tercio de sus miembros en cada Encuentro internacional. Los miembros podr\u00e1n ser reelectos, por una vez, mediante mayor\u00eda simple de votos. <\/p>\n\n\n\n<p class=\"wp-block-paragraph\">El Consejo Directivo se reunir\u00e1 regularmente previo acuerdo de su agenda y sede.<\/p>\n\n\n\n<div style=\"height:20px\" aria-hidden=\"true\" class=\"wp-block-spacer\"><\/div>\n<\/div><\/div>\n\n\n\n<div style=\"height:20px\" aria-hidden=\"true\" class=\"wp-block-spacer\"><\/div>\n\n\n\n<div class=\"wp-block-group has-very-light-gray-background-color has-background\"><div class=\"wp-block-group__inner-container is-layout-flow wp-block-group-is-layout-flow\">\n<div style=\"height:20px\" aria-hidden=\"true\" class=\"wp-block-spacer\"><\/div>\n\n\n\n<ul class=\"wp-block-list\"><li><strong>Art\u00edculo XII<\/strong> <\/li><\/ul>\n\n\n\n<p class=\"wp-block-paragraph\">El Secretariado Ejecutivo se integrar\u00e1 por un Secretario Ejecutivo y tres vocales. El Secretario Ejecutivo es el representante legal de la Asociaci\u00f3n.<\/p>\n\n\n\n<div style=\"height:20px\" aria-hidden=\"true\" class=\"wp-block-spacer\"><\/div>\n<\/div><\/div>\n\n\n\n<div style=\"height:20px\" aria-hidden=\"true\" class=\"wp-block-spacer\"><\/div>\n\n\n\n<div class=\"wp-block-group has-pale-cyan-blue-background-color has-background\"><div class=\"wp-block-group__inner-container is-layout-flow wp-block-group-is-layout-flow\">\n<div style=\"height:20px\" aria-hidden=\"true\" class=\"wp-block-spacer\"><\/div>\n\n\n\n<ul class=\"wp-block-list\"><li> <strong>Art\u00edculo XIII<\/strong> <\/li><\/ul>\n\n\n\n<p class=\"wp-block-paragraph\">Son funciones del Secretariado Ejecutivo: <\/p>\n\n\n\n<p class=\"wp-block-paragraph\">Realizar las actividades comprendidas en los programas aprobados por la Asamblea General y por el Consejo Directivo. <\/p>\n\n\n\n<p class=\"wp-block-paragraph\">Mantener la comunicaci\u00f3n con las Secciones Nacionales y con los miembros individuales. <\/p>\n\n\n\n<p class=\"wp-block-paragraph\">Rendir un informe general en cada una de las reuniones reglamentarias del Consejo Directivo y ante la Asamblea General, as\u00ed como los informes especiales que le sean solicitados por los \u00f3rganos directivos de la Asociaci\u00f3n.<\/p>\n\n\n\n<div style=\"height:20px\" aria-hidden=\"true\" class=\"wp-block-spacer\"><\/div>\n<\/div><\/div>\n\n\n\n<div style=\"height:20px\" aria-hidden=\"true\" class=\"wp-block-spacer\"><\/div>\n\n\n\n<div class=\"wp-block-group has-very-light-gray-background-color has-background\"><div class=\"wp-block-group__inner-container is-layout-flow wp-block-group-is-layout-flow\">\n<div style=\"height:20px\" aria-hidden=\"true\" class=\"wp-block-spacer\"><\/div>\n\n\n\n<ul class=\"wp-block-list\"><li><strong>Art\u00edculo XIV<\/strong> <\/li><\/ul>\n\n\n\n<p class=\"wp-block-paragraph\">El reemplazo por renuncia, fallecimiento o abandono de los cargos de los miembros del Consejo Directivo y del Secretariado Ejecutivo ser\u00e1 resuelto por el Consejo Directivo.<\/p>\n\n\n\n<div style=\"height:20px\" aria-hidden=\"true\" class=\"wp-block-spacer\"><\/div>\n<\/div><\/div>\n\n\n\n<div style=\"height:20px\" aria-hidden=\"true\" class=\"wp-block-spacer\"><\/div>\n\n\n\n<div class=\"wp-block-group has-pale-cyan-blue-background-color has-background\"><div class=\"wp-block-group__inner-container is-layout-flow wp-block-group-is-layout-flow\">\n<div style=\"height:20px\" aria-hidden=\"true\" class=\"wp-block-spacer\"><\/div>\n\n\n\n<ul class=\"wp-block-list\"><li> <strong>Art\u00edculo XV<\/strong> <\/li><\/ul>\n\n\n\n<p class=\"wp-block-paragraph\">Del Comit\u00e9 Organizador del Encuentro. <\/p>\n\n\n\n<p class=\"wp-block-paragraph\">El Comit\u00e9 Organizador del Encuentro, de acuerdo con el Consejo Directivo, deber\u00e1 organizar y asegurar la realizaci\u00f3n del Encuentro. <\/p>\n\n\n\n<p class=\"wp-block-paragraph\">El Comit\u00e9 Organizador del Encuentro se integrar\u00e1 conforme lo estime conveniente la Secci\u00f3n Nacional o, a falta de esta, las entidades auspiciadoras de aquel.<\/p>\n\n\n\n<div style=\"height:20px\" aria-hidden=\"true\" class=\"wp-block-spacer\"><\/div>\n<\/div><\/div>\n\n\n\n<div style=\"height:20px\" aria-hidden=\"true\" class=\"wp-block-spacer\"><\/div>\n\n\n\n<div class=\"wp-block-group has-very-light-gray-background-color has-background\"><div class=\"wp-block-group__inner-container is-layout-flow wp-block-group-is-layout-flow\">\n<div style=\"height:20px\" aria-hidden=\"true\" class=\"wp-block-spacer\"><\/div>\n\n\n\n<ul class=\"wp-block-list\"><li> <strong>Art\u00edculo XVI<\/strong> <\/li><\/ul>\n\n\n\n<p class=\"wp-block-paragraph\">Las Secciones Nacionales <\/p>\n\n\n\n<p class=\"wp-block-paragraph\">La organizaci\u00f3n, estructura y funcionamiento de las Secciones Nacionales ser\u00e1n determinadas por los miembros de cada Secci\u00f3n, siempre y cuando no contradigan lo dispuesto por los presentes Estatutos.<\/p>\n\n\n\n<div style=\"height:20px\" aria-hidden=\"true\" class=\"wp-block-spacer\"><\/div>\n<\/div><\/div>\n\n\n\n<div style=\"height:20px\" aria-hidden=\"true\" class=\"wp-block-spacer\"><\/div>\n\n\n\n<div class=\"wp-block-group has-pale-cyan-blue-background-color has-background\"><div class=\"wp-block-group__inner-container is-layout-flow wp-block-group-is-layout-flow\">\n<div style=\"height:20px\" aria-hidden=\"true\" class=\"wp-block-spacer\"><\/div>\n\n\n\n<ul class=\"wp-block-list\"><li><strong>Art\u00edculo XVII<\/strong> <\/li><\/ul>\n\n\n\n<p class=\"wp-block-paragraph\">En los pa\u00edses en que existen Secciones Nacionales, las relaciones de los \u00d3rganos Directivos con sus miembros se realizar\u00e1n de preferencia a trav\u00e9s del Comit\u00e9 Nacional.<\/p>\n\n\n\n<div style=\"height:20px\" aria-hidden=\"true\" class=\"wp-block-spacer\"><\/div>\n<\/div><\/div>\n\n\n\n<div style=\"height:20px\" aria-hidden=\"true\" class=\"wp-block-spacer\"><\/div>\n\n\n\n<div class=\"wp-block-group has-very-light-gray-background-color has-background\"><div class=\"wp-block-group__inner-container is-layout-flow wp-block-group-is-layout-flow\">\n<div style=\"height:20px\" aria-hidden=\"true\" class=\"wp-block-spacer\"><\/div>\n\n\n\n<ul class=\"wp-block-list\"><li><strong>Art\u00edculo XVIII<\/strong> <\/li><\/ul>\n\n\n\n<p class=\"wp-block-paragraph\">Las adiciones y modificaciones a los Estatutos de la ADHILAC s\u00f3lo podr\u00e1n hacerse por acuerdo de la Asamblea General.  <strong> <\/strong><\/p>\n\n\n\n<div style=\"height:20px\" aria-hidden=\"true\" class=\"wp-block-spacer\"><\/div>\n<\/div><\/div>\n\n\n\n<div style=\"height:20px\" aria-hidden=\"true\" class=\"wp-block-spacer\"><\/div>\n\n\n\n<div class=\"wp-block-group\"><div class=\"wp-block-group__inner-container is-layout-flow wp-block-group-is-layout-flow\">\n<div class=\"wp-block-group has-pale-cyan-blue-background-color has-background\"><div class=\"wp-block-group__inner-container is-layout-flow wp-block-group-is-layout-flow\">\n<div style=\"height:20px\" aria-hidden=\"true\" class=\"wp-block-spacer\"><\/div>\n\n\n\n<ul class=\"wp-block-list\"><li> <strong>Art\u00edculo XIX<\/strong> <\/li><\/ul>\n\n\n\n<p class=\"wp-block-paragraph\">Todo aquello no previsto por los presentes Estatutos ser\u00e1 resuelto por la Asamblea General.<\/p>\n\n\n\n<div style=\"height:20px\" aria-hidden=\"true\" class=\"wp-block-spacer\"><\/div>\n<\/div><\/div>\n<\/div><\/div>\n\n\n\n<div style=\"height:20px\" aria-hidden=\"true\" class=\"wp-block-spacer\"><\/div>\n\n\n\n<p class=\"has-very-light-gray-background-color has-background wp-block-paragraph\"><span style=\"color: #000000;\"><strong>Aprobado por la Asamblea General de ADHILAC en el XII Encuentro efectuado en Graz, Austria, el 31 de mayo de 2022.<\/strong><\/span><\/p>\n\n\n\n<p class=\"has-very-light-gray-color has-vivid-cyan-blue-background-color has-text-color has-background wp-block-paragraph\"><strong>Publicado por ADHILAC Internacional \u00a9 www.adhilac.com.ar<\/strong><\/p>\n\n\n\n<p class=\"has-vivid-cyan-blue-color has-very-light-gray-background-color has-text-color has-background wp-block-paragraph\"> Si Ud. desea asociarse de acuerdo a los Estatutos de ADHILAC&nbsp;<a href=\"https:\/\/adhilac.com.ar\/?page_id=263\">(ver)<\/a> complete el siguiente formulario&nbsp;(<a href=\"https:\/\/adhilac.com.ar\/?page_id=4779\">ver<\/a>)<\/p>\n\n\n\n<p class=\"has-very-light-gray-color has-vivid-cyan-blue-background-color has-text-color has-background wp-block-paragraph\"> E-mail:&nbsp;info@adhilac.com.ar <\/p>\n\n\n\n<p class=\"has-very-light-gray-color has-vivid-cyan-blue-background-color has-text-color has-background wp-block-paragraph\"> Twitter: @AdhilacInfo <\/p>\n\n\n\n<div style=\"height:20px\" aria-hidden=\"true\" class=\"wp-block-spacer\"><\/div>\n\n\n<div class=\"wp-block-image\">\n<figure class=\"aligncenter size-large\"><img loading=\"lazy\" decoding=\"async\" width=\"85\" height=\"85\" src=\"https:\/\/adhilac.com.ar\/wp-content\/uploads\/2015\/02\/Logo-ADHILAC-Internacional-PEQ.jpg\" alt=\"\" class=\"wp-image-10473\"\/><\/figure>\n<\/div>\n\n\n<div class=\"wp-block-group\"><div class=\"wp-block-group__inner-container is-layout-flow wp-block-group-is-layout-flow\">\n<p class=\"has-text-align-center has-very-light-gray-color has-vivid-cyan-blue-background-color has-text-color has-background wp-block-paragraph\"><strong><a href=\"https:\/\/adhilac.com.ar\/?page_id=541\">QUIENES SOMOS<\/a><\/strong><\/p>\n\n\n\n<p class=\"has-text-align-center has-vivid-cyan-blue-color has-very-light-gray-background-color has-text-color has-background wp-block-paragraph\"><strong><a href=\"https:\/\/adhilac.com.ar\/?page_id=15507\">DIRECTIVA DE ADHILAC INTERNACIONAL<\/a><\/strong><\/p>\n\n\n\n<p class=\"has-text-align-center has-very-light-gray-color has-vivid-cyan-blue-background-color has-text-color has-background wp-block-paragraph\"><strong><a href=\"https:\/\/adhilac.com.ar\/?page_id=267\">Declaraci\u00f3n de Caracas de ADHILAC (2007)<\/a><\/strong><\/p>\n\n\n\n<p class=\"has-text-align-center has-vivid-cyan-blue-color has-very-light-gray-background-color has-text-color has-background wp-block-paragraph\"><strong><a href=\"https:\/\/adhilac.com.ar\/?page_id=15873\">ADHILAC: Historia &#8211; Historidorxs<\/a><\/strong><\/p>\n\n\n\n<p class=\"has-text-align-center has-very-light-gray-color has-vivid-cyan-blue-background-color has-text-color has-background wp-block-paragraph\"><strong><a href=\"https:\/\/adhilac.com.ar\/?page_id=15876\">ADHILAC 20 a\u00f1os despu\u00e9s (1974-1994)<\/a> <\/strong><\/p>\n\n\n\n<p class=\"has-text-align-center has-vivid-cyan-blue-color has-very-light-gray-background-color has-text-color has-background wp-block-paragraph\"><strong><a href=\"https:\/\/adhilac.com.ar\/?page_id=15861\">ADHILAC Breve Historia<\/a> <\/strong><\/p>\n\n\n\n<p class=\"has-text-align-center has-very-light-gray-color has-vivid-cyan-blue-background-color has-text-color has-background wp-block-paragraph\"><strong><a href=\"https:\/\/adhilac.com.ar\/?page_id=15887\">ADHILAC: Miembrxs fundadores<\/a><\/strong><\/p>\n\n\n\n<p class=\"has-text-align-center has-vivid-cyan-blue-color has-very-light-gray-background-color has-text-color has-background wp-block-paragraph\"><strong><a href=\"https:\/\/adhilac.com.ar\/?page_id=15943\">ADHILAC: Historiadorxs Destacadxs<\/a><\/strong><\/p>\n\n\n\n<p class=\"has-text-align-center has-very-light-gray-color has-vivid-cyan-blue-background-color has-text-color has-background wp-block-paragraph\"><strong><a href=\"https:\/\/adhilac.com.ar\/?page_id=4779\">SOCIXS<\/a><\/strong><\/p>\n\n\n\n<p class=\"has-text-align-center has-vivid-cyan-blue-color has-very-light-gray-background-color has-text-color has-background wp-block-paragraph\"><strong><a href=\"https:\/\/adhilac.com.ar\/?page_id=263\">Estatutos de ADHILAC<\/a><\/strong><\/p>\n\n\n\n<p class=\"has-text-align-center has-very-light-gray-color has-vivid-cyan-blue-background-color has-text-color has-background wp-block-paragraph\"><strong><a href=\"https:\/\/adhilac.com.ar\/?page_id=8220\">BICENTENARIO<\/a><\/strong><\/p>\n\n\n\n<p class=\"has-text-align-center has-vivid-cyan-blue-color has-very-light-gray-background-color has-text-color has-background wp-block-paragraph\"><strong><a href=\"https:\/\/adhilac.com.ar\/?page_id=8279\">BIBLIOTECA<\/a><\/strong><\/p>\n\n\n\n<p class=\"has-text-align-center has-very-light-gray-color has-vivid-cyan-blue-background-color has-text-color has-background wp-block-paragraph\"><strong><a href=\"https:\/\/adhilac.com.ar\/?page_id=1698\">ENLACES<\/a> <\/strong><\/p>\n\n\n\n<p class=\"has-text-align-center has-vivid-cyan-blue-color has-very-light-gray-background-color has-text-color has-background wp-block-paragraph\"><a href=\"http:\/\/www.ariadnatucma.com.ar\">VISITE ARIADNA TUCMA REVISTA LATINOAMERICANA<\/a><\/p>\n<\/div><\/div>\n","protected":false},"excerpt":{"rendered":"<p>ADHILAC convoca a participar de las diferentes actividades propuestas por sus socias, socios o adherentes. Sin embargo, para para participar de las Asambleas de la misma con derecho a voto es necesario ser socix de acuerdo a los establecido en los Estatutos que se transcriben a continuaci\u00f3n: Art\u00edculo I. Fundaci\u00f3n y naturaleza La Asociaci\u00f3n de [&hellip;]<\/p>\n","protected":false},"author":2,"featured_media":0,"parent":4779,"menu_order":2,"comment_status":"closed","ping_status":"closed","template":"","meta":{"_crdt_document":"","footnotes":""},"class_list":["post-263","page","type-page","status-publish","hentry"],"_links":{"self":[{"href":"https:\/\/adhilac.com.ar\/index.php?rest_route=\/wp\/v2\/pages\/263","targetHints":{"allow":["GET"]}}],"collection":[{"href":"https:\/\/adhilac.com.ar\/index.php?rest_route=\/wp\/v2\/pages"}],"about":[{"href":"https:\/\/adhilac.com.ar\/index.php?rest_route=\/wp\/v2\/types\/page"}],"author":[{"embeddable":true,"href":"https:\/\/adhilac.com.ar\/index.php?rest_route=\/wp\/v2\/users\/2"}],"replies":[{"embeddable":true,"href":"https:\/\/adhilac.com.ar\/index.php?rest_route=%2Fwp%2Fv2%2Fcomments&post=263"}],"version-history":[{"count":28,"href":"https:\/\/adhilac.com.ar\/index.php?rest_route=\/wp\/v2\/pages\/263\/revisions"}],"predecessor-version":[{"id":18337,"href":"https:\/\/adhilac.com.ar\/index.php?rest_route=\/wp\/v2\/pages\/263\/revisions\/18337"}],"up":[{"embeddable":true,"href":"https:\/\/adhilac.com.ar\/index.php?rest_route=\/wp\/v2\/pages\/4779"}],"wp:attachment":[{"href":"https:\/\/adhilac.com.ar\/index.php?rest_route=%2Fwp%2Fv2%2Fmedia&parent=263"}],"curies":[{"name":"wp","href":"https:\/\/api.w.org\/{rel}","templated":true}]}}